{"id":531,"date":"2023-08-11T10:07:50","date_gmt":"2023-08-11T10:07:50","guid":{"rendered":"https:\/\/afrontosas.pt\/?page_id=531"},"modified":"2025-03-24T12:15:07","modified_gmt":"2025-03-24T12:15:07","slug":"atividades-2023","status":"publish","type":"page","link":"https:\/\/afrontosas.pt\/en\/atividades-2023\/","title":{"rendered":"Activities 2023"},"content":{"rendered":"<div data-colibri-id=\"531-c1\" class=\"style-494 style-local-531-c1 position-relative\">\n  <!---->\n  <div data-colibri-component=\"section\" data-colibri-id=\"531-c2\" id=\"initial-content\" class=\"h-section h-section-global-spacing d-flex align-items-lg-center align-items-md-center align-items-center style-495 style-local-531-c2 position-relative\">\n    <!---->\n    <!---->\n    <div class=\"h-section-grid-container h-section-boxed-container\">\n      <!---->\n      <div data-colibri-id=\"531-c6\" class=\"h-row-container gutters-row-lg-2 gutters-row-md-2 gutters-row-0 gutters-row-v-lg-2 gutters-row-v-md-2 gutters-row-v-2 style-499 style-local-531-c6 position-relative\">\n        <!---->\n        <div class=\"h-row justify-content-lg-center justify-content-md-center justify-content-center align-items-lg-stretch align-items-md-stretch align-items-stretch gutters-col-lg-2 gutters-col-md-2 gutters-col-0 gutters-col-v-lg-2 gutters-col-v-md-2 gutters-col-v-2\">\n          <!---->\n          <div class=\"h-column h-column-container d-flex h-col-lg-auto h-col-md-auto h-col-auto style-500-outer style-local-531-c7-outer\">\n            <div data-colibri-id=\"531-c7\" class=\"d-flex h-flex-basis h-column__inner h-px-lg-2 h-px-md-2 h-px-2 v-inner-lg-2 v-inner-md-2 v-inner-2 style-500 style-local-531-c7 position-relative\">\n              <!---->\n              <!---->\n              <div class=\"w-100 h-y-container h-column__content h-column__v-align flex-basis-100 align-self-lg-start align-self-md-start align-self-start\">\n                <!---->\n                <div data-colibri-id=\"531-c8\" class=\"h-global-transition-all h-heading style-501 style-local-531-c8 position-relative h-element\">\n                  <!---->\n                  <div class=\"h-heading__outer style-501 style-local-531-c8\">\n                    <!---->\n                    <!---->\n                    <h1 class=\"\">ATIVIDADES 2023<\/h1>\n                  <\/div>\n                <\/div>\n              <\/div>\n            <\/div>\n          <\/div>\n        <\/div>\n      <\/div>\n      <div data-colibri-id=\"531-c9\" class=\"h-row-container gutters-row-lg-2 gutters-row-md-2 gutters-row-0 gutters-row-v-lg-2 gutters-row-v-md-2 gutters-row-v-2 style-502 style-local-531-c9 position-relative\">\n        <!---->\n        <div class=\"h-row justify-content-lg-center justify-content-md-center justify-content-center align-items-lg-stretch align-items-md-stretch align-items-stretch gutters-col-lg-2 gutters-col-md-2 gutters-col-0 gutters-col-v-lg-2 gutters-col-v-md-2 gutters-col-v-2\">\n          <!---->\n          <div class=\"h-column h-column-container d-flex h-col-lg-auto h-col-md-auto h-col-auto style-503-outer style-local-531-c10-outer\">\n            <div data-colibri-id=\"531-c10\" class=\"d-flex h-flex-basis h-column__inner h-px-lg-2 h-px-md-2 h-px-2 v-inner-lg-2 v-inner-md-2 v-inner-2 style-503 style-local-531-c10 position-relative\">\n              <!---->\n              <!---->\n              <div class=\"w-100 h-y-container h-column__content h-column__v-align flex-basis-100 align-self-lg-start align-self-md-start align-self-start\">\n                <!---->\n                <div data-colibri-id=\"531-c11\" class=\"h-text h-text-component style-504 style-local-531-c11 position-relative h-element\">\n                  <!---->\n                  <!---->\n                  <div class=\"\">\n                    <p>\n                      <a href=\"https:\/\/afrontosas.pt\/wp-content\/uploads\/2024\/01\/2023-RELATORIO-AFRONTOSAS-compressed_2_compressed.pdf\" style=\"color: rgb(55, 55, 57); font-size: 1em; font-weight: 400; font-family: &quot;Didact Gothic&quot;;\" class=\"customize-unpreviewable\"><strong>RELAT\u00d3RIO EM PDF (2023)<\/strong><\/a>\n                    <\/p>\n                    <p>\n                      <a href=\"https:\/\/afrontosas.pt\/wp-content\/uploads\/2024\/01\/2023-REPORT-AFRONTOSAS_compressed-compactado.pdf\" style=\"color: rgb(55, 55, 57); font-size: 1em; font-weight: 400; font-family: &quot;Didact Gothic&quot;;\" class=\"customize-unpreviewable\"><strong>REPORT \u2013 PDF (2023)<\/strong><\/a>\n                    <\/p>\n                    <p>\u2014\u2014\u2014\u2014\u2014\u2014\u2014\u2014\u2014\u2014\u2014\u2014\u2014\u2014\u2014\u2014\u2014\u2014\u2014\u2014\u2014\u2014<strong><br>Events held and participation in activities<\/strong><\/p>\n                    <p><strong>Lan\u00e7amento do Coletivo<\/strong>\n                      <br>20 de Abril\n                      <br>Espa\u00e7o Alkantara (descrever)<\/p>\n                    <p><strong>Conversas Confrontosas<br><\/strong>27 de Junho\n                      <br>Espa\u00e7o Santa Catarina (descrever)<\/p>\n                    <p><strong>Festa de Lan\u00e7amento \/ Poder e Gl\u00f3ria<\/strong>\n                      <br>10 de Junho\n                      <br>Damas<\/p>\n                    <p><strong>Lacre \u2013 Laborat\u00f3rio de Arte Cu\u00edr e Resist\u00eancia<\/strong>\n                      <br>12 de Setembro a 03 de Novembro\n                      <br>Goethe Institut<\/p>\n                    <p><strong>Participa\u00e7\u00e3o no Festival Passagens<\/strong>\n                      <br>Conversa \u201cInterseccionalidade de migrantes queer: a realidade portuguesa\n                      <br>07 de Maio\n                      <br>Largo Resid\u00eancias<\/p>\n                    <p><strong>Participa\u00e7\u00e3o no PodCast \u201c Fala Imigrante\u201d , Casa do Brasil<br>22 de Maio<\/strong>\n                      <br>Casa do Brasil<\/p>\n                    <p><strong>Produ\u00e7\u00e3o \u2013 Performance \u201cIab\u00e1s\u201d, de antonyo omolu<\/strong>\n                      <br>Festival Incluir o nome<\/p>\n                    <p><strong>Produ\u00e7\u00e3o Batekoo em Lisboa<\/strong>\n                      <br>21 de Julho\n                      <br>Planeta Manas<\/p>\n                    <p><strong>Participa\u00e7\u00e3o na Conversa sobre Racismo e Imigra\u00e7\u00e3o<\/strong>\n                      <br>13 de Julho\n                      <br>Casa do Brasil \/ Projeto Casa Cria<\/p>\n                    <p><strong>Noites Perform\u00e1ticas<\/strong>\n                      <br>30 de Julho\n                      <br>Com David Amado E Eros\n                      <br>Valsa<\/p>\n                    <p><strong>Participa\u00e7\u00e3o na Sess\u00e3o \u201cDi\u00e1spora Queer: Participa\u00e7\u00e3o Pol\u00edtica, Experi\u00eancias e Perspectivas\u201d<br>Projeto projeto \u201cMigrante Participa em Sintra \u2013 Caminhos para a Igualdade e Participa\u00e7\u00e3o\u201d<\/strong>\n                      <br>Espa\u00e7o Tapada Com.Unidade na Tapada das Merc\u00eas\n                      <br>10-08 18h30<\/p>\n                    <p><strong>Participa\u00e7\u00e3p no Terreiro \u2013 Laborat\u00f3rio de Rituais<\/strong>\n                      <br>Realiza\u00e7\u00e3o da UNA \u2013 Uni\u00e3o Negra das Artes\n                      <br>16 e 17 de Setembro \u2013 Espa\u00e7o Alkantara<\/p>\n                    <p>N<strong>oites Perform\u00e1ticas<\/strong>\n                      <br>29 de Setembro \/\/ Audiovisual \/\/ Valsa\n                      <br>Com mariana pelizer \u2013 v\u00eddeo performance linhas \u2013 uberl\u00e2ndia minas gerais\n                      <br>marta caeiro \u2013 ode a um corpo marginal: sacrif\u00edcio que deus recusou \u2013 lisboa \u2013\n                      <br>portugal\n                      <br>indy mateta \u2013 t\u00edtulo: caix\u00e3o vazio o document\u00e1rio (ou uma tentativa) pa\u00eds: angola\n                      <br>dori nigro \u2013 porto nigro e ex\u00fa na \u00e1lvares cabral \u2013 porto\n                      <br>paulo pinto \u2013 aguardando material\n                      <br>grupo atos cultivados \u2013 partog\u00eanese \u2013 s\u00e3o paulo brasil\n                      <br>talita caselato \u2013 captura \u2013 s\u00e3o paulo \u2013 brasil\n                      <br>juan pablo \u2013 aguardando material<\/p>\n                    <p><strong>Conversa \u2013 Festival MIL<\/strong>\n                      <br>28 de Setembro, Hub Criativo do Beato\n                      <br>Muito Al\u00e9m De Sons, De Luzes, De Dan\u00e7a, De Ferve\u00e7\u00e3o E Corpas Em Festa: Como Medir O Valor Da Noite Enquanto Heran\u00e7a Cultural E Artivista.<\/p>\n                    <p><strong>Cupula dos Afrodescendentes<\/strong>\n                      <br>13 a 15 de Outubro\n                      <br>10h I Cultura, economia, patrim\u00f4nio e desenvolvimento\n                      <br>B\u00e0b\u00e1 Pedro Barbosa \u2013 mediador\n                      <br>Djuz\u00e9 Neves \u2013 Portugal, Associa\u00e7\u00e3o Batoto Yetu\n                      <br>Rodrigo Ribeiro Saturnino (ROD) \u2013 Brasil, Coletivo Afrontosoas\n                      <br>Carla Os\u00f3rio \u2013 Brasil, fot\u00f3grafa documental, artista visual, realizadora, produtora e distribuidora de audiovisual. Mestre em Ci\u00eancias da Comunica\u00e7\u00e3o.<\/p>\n                    <p><strong>Afropolitana \u2013 Festa<\/strong>\n                      <br>13 de Outubro\n                      <br>Arroz Est\u00fadios<\/p>\n                    <p><strong>Cacophanton<\/strong>\n                      <br>28 de Outubro\n                      <br>Conversa sobre Som, Mem\u00f3ria e Pol\u00edtica\n                      <br>Ah! Associa\u00e7\u00e3o Artes e Humanidades<\/p>\n                    <p><strong>Festa Espet\u00e1culo Monta\u00e7\u00e3o<\/strong>\n                      <br>25 de Novembro\n                      <br>Festival Alkantara 2023<\/p>\n                    <p><strong>Oficina Mitologias Cu\u00edr<\/strong>\n                      <br>11 e 12 de Dezembro\n                      <br>Festival Casa Cria \/ Casa do Brasil de Lisboa<\/p>\n                    <p><strong>Cerim\u00f4nia Power List<\/strong>&nbsp;\u2013<strong>&nbsp;Bantumen<\/strong>\n                      <br>09 de Novembro\n                      <br>MAAT \u2013 Lisboa\n                      <br>Apresenta\u00e7\u00e3o da performance \u201cI\u00e1bas\u201d.<\/p>\n                    <p><strong>Participa\u00e7\u00e3o no II Semin\u00e1rio Nacional do Projeto AGRRIN \u2013 Corpos Geradores: da agress\u00e3o \u00e0 insurg\u00eancia. Contributos para uma pedagogia decolonial<\/strong>\n                      <br>13 de dezembro de 2023\n                      <br>Universidade Lus\u00f3fona \/ Lisboa<\/p>\n                    <p><strong>Afrontosas \u2013 Festa de fim de ano<\/strong>\n                      <br>29 de Dezembro\n                      <br>Damas \u2013 Lisboa<\/p>\n                    <p>\n                      <br>\n                    <\/p>\n                  <\/div>\n                <\/div>\n              <\/div>\n            <\/div>\n          <\/div>\n        <\/div>\n      <\/div>\n    <\/div>\n  <\/div>\n<\/div>","protected":false},"excerpt":{"rendered":"<p>ATIVIDADES 2023 RELAT\u00d3RIO EM PDF (2023) REPORT \u2013 PDF (2023) \u2014\u2014\u2014\u2014\u2014\u2014\u2014\u2014\u2014\u2014\u2014\u2014\u2014\u2014\u2014\u2014\u2014\u2014\u2014\u2014\u2014\u2014Eventos realizados e [&hellip;]<\/p>\n","protected":false},"author":1,"featured_media":0,"parent":0,"menu_order":0,"comment_status":"closed","ping_status":"closed","template":"page-templates\/full-width-page.php","meta":{"footnotes":"","_links_to":"","_links_to_target":""},"class_list":["post-531","page","type-page","status-publish","hentry"],"_links":{"self":[{"href":"https:\/\/afrontosas.pt\/en\/wp-json\/wp\/v2\/pages\/531","targetHints":{"allow":["GET"]}}],"collection":[{"href":"https:\/\/afrontosas.pt\/en\/wp-json\/wp\/v2\/pages"}],"about":[{"href":"https:\/\/afrontosas.pt\/en\/wp-json\/wp\/v2\/types\/page"}],"author":[{"embeddable":true,"href":"https:\/\/afrontosas.pt\/en\/wp-json\/wp\/v2\/users\/1"}],"replies":[{"embeddable":true,"href":"https:\/\/afrontosas.pt\/en\/wp-json\/wp\/v2\/comments?post=531"}],"version-history":[{"count":9,"href":"https:\/\/afrontosas.pt\/en\/wp-json\/wp\/v2\/pages\/531\/revisions"}],"predecessor-version":[{"id":1816,"href":"https:\/\/afrontosas.pt\/en\/wp-json\/wp\/v2\/pages\/531\/revisions\/1816"}],"wp:attachment":[{"href":"https:\/\/afrontosas.pt\/en\/wp-json\/wp\/v2\/media?parent=531"}],"curies":[{"name":"wp","href":"https:\/\/api.w.org\/{rel}","templated":true}]}}