{"id":255,"date":"2023-06-28T12:10:31","date_gmt":"2023-06-28T12:10:31","guid":{"rendered":"https:\/\/afrontosas.pt\/?page_id=255"},"modified":"2025-06-20T09:47:28","modified_gmt":"2025-06-20T09:47:28","slug":"nos-media","status":"publish","type":"page","link":"https:\/\/afrontosas.pt\/en\/nos-media\/","title":{"rendered":"Nos Media"},"content":{"rendered":"<div data-elementor-type=\"wp-page\" data-elementor-id=\"255\" class=\"elementor elementor-255\">\n\t\t\t\t<div class=\"elementor-element elementor-element-2f0ade38 e-flex e-con-boxed wpr-particle-no wpr-jarallax-no wpr-parallax-no wpr-sticky-section-no e-con e-parent\" data-id=\"2f0ade38\" data-element_type=\"container\" data-e-type=\"container\">\n\t\t\t\t\t<div class=\"e-con-inner\">\n\t\t\t\t<div class=\"elementor-element elementor-element-26bacb35 elementor-widget elementor-widget-text-editor\" data-id=\"26bacb35\" data-element_type=\"widget\" data-e-type=\"widget\" data-widget_type=\"text-editor.default\">\n\t\t\t\t<div class=\"elementor-widget-container\">\n\t\t\t\t\t\t\t\t\t<div data-colibri-id=\"255-c1\">\n  <!----><p><\/p>\n<div data-colibri-component=\"section\" data-colibri-id=\"255-c2\">\n    <!----><br>    <!----><p><\/p>\n<div>\n      <!----><p><\/p>\n<div data-colibri-id=\"255-c9\">\n        <!----><p><\/p>\n<div>\n          <!----><p><\/p>\n<div>\n<div data-colibri-id=\"255-c10\">\n              <!----><br>              <!----><p><\/p>\n<div>\n                <!----><p><\/p>\n<div data-colibri-id=\"255-c11\">\n                  <!----><p><\/p>\n<div>\n                    <!----><br>                    <!----><p><\/p>\n<h1>NOS MEDIA<\/h1>\n<\/div>\n<\/div>\n<\/div>\n<\/div>\n<\/div>\n<\/div>\n<\/div>\n<div data-colibri-id=\"255-c6\">\n        <!----><p><\/p>\n<div>\n          <!----><p><\/p>\n<div>\n<div data-colibri-id=\"255-c7\">\n              <!----><br>              <!----><p><\/p>\n<div>\n                <!----><p><\/p>\n<div data-colibri-id=\"255-c8\">\n                  <!----><br>                  <!----><p><\/p>\n<div>\n<p>Lisboa Negra \/\/ Afrontosas<br>                      <br>Time Out Magazine \u2013 Edi\u00e7\u00e3o Julho 2023.&nbsp;<br>                      <a href=\"https:\/\/afrontosas.pt\/wp-content\/uploads\/2023\/08\/Afrontosas-Lisboa-negra-time-out.pdf\" style=\"color: rgb(55, 55, 57); font-size: 1em; font-weight: 400; font-family: &quot;Didact Gothic&quot;;\">Link para o PDF da mat\u00e9ria<\/a>\n                    <\/p>\n<p>Afrontosas \u00e9 o novo colectivo da negritude queer da di\u00e1spora em Portugal<br>                      <br>Dezanove.pt \u2013&nbsp;<br>                      <a href=\"https:\/\/dezanove.pt\/afrontosas-e-o-novo-colectivo-da-1940524\" style=\"color: rgb(55, 55, 57); font-size: 1em; font-weight: 400; font-family: &quot;Didact Gothic&quot;;\">Link para mat\u00e9ria<\/a>\n                    <\/p>\n<p>Entrevista ao Coletivo Afrontosas: O mundo art\u00edstico em Portugal continua a ser fechado, restrito e com privil\u00e9gios marcados pelo seu passado colonial<br>                      <br>EsQrever \u2013&nbsp;<br>                      <a href=\"https:\/\/esqrever.com\/2023\/06\/27\/entrevista-ao-coletivo-afrontosas-o-mundo-artistico-em-portugal-continua-a-ser-fechado-restrito-e-com-privilegios-marcados-pelo-seu-passado-colonial\" style=\"color: rgb(55, 55, 57); font-size: 1em; font-weight: 400; font-family: &quot;Didact Gothic&quot;;\">Link para mat\u00e9ria<\/a>\n                    <\/p>\n<p>O Afrontosas quer trazer um olhar \u201cnegro e cu\u00edr\u201d \u00e0 arte e \u00e0 educa\u00e7\u00e3o em Portugal<br>                      <br>Jornal O P\u00fablico \u2013&nbsp;<br>                      <a href=\"https:\/\/www.publico.pt\/2023\/04\/19\/culturaipsilon\/noticia\/afrontosas-quer-trazer-olhar-negro-cuir-arte-educacao-portugal-2046706\" style=\"color: rgb(55, 55, 57); font-size: 1em; font-weight: 400; font-family: &quot;Didact Gothic&quot;;\">Link para mat\u00e9ria<\/a>\n                    <\/p>\n<p>AFRONTOSAS, UM ESPA\u00c7O PARA PROMO\u00c7\u00c3O DA NEGRITUDE QUEER EM PORTUGAL<br>                      <br>Bantumen \u2013&nbsp;<br>                      <a href=\"https:\/\/bantumen.com\/afrontosas-um-espaco-para-promocao-da-negritude-queer-em-portugal\" style=\"color: rgb(55, 55, 57); font-size: 1em; font-weight: 400; font-family: &quot;Didact Gothic&quot;;\">Link para mat\u00e9ria<\/a>\n                    <\/p>\n<p>Coletivo Afrontosas na Casa do Brasil de Lisboa<br>                      <br>Projeto Fala Imigrante \u2013 MigraMyths<br>                      <br>                      <a href=\"https:\/\/www.youtube.com\/watch?v=HpkBvw1_fHA\" style=\"color: rgb(55, 55, 57); font-size: 1em; font-weight: 400; font-family: &quot;Didact Gothic&quot;;\">Link para assistir<\/a>\n                    <\/p>\n<p><br><\/p>\n<p>Portugal Black Pride apresenta programa\u00e7\u00e3o em Lisboa com exposi\u00e7\u00e3o \u201cBioCu\u00edrMaterial\u201d de Rod<br><a href=\"https:\/\/dezanove.pt\/portugal-black-pride-apresenta-programacao-em-lisboa-com-exposicao-biocuirmaterial-de-rod-2438283\/\">Link da Mat\u00e9ria<\/a><\/p>\n<p>\n                      <br>                    <\/p>\n<\/div>\n<\/div>\n<\/div>\n<\/div>\n<\/div>\n<\/div>\n<\/div>\n<div data-colibri-id=\"255-c3\">\n        <!----><p><\/p>\n<div>\n          <!----><p><\/p>\n<div>\n<div data-colibri-id=\"255-c4\">\n              <!----><br>              <!----><p><\/p>\n<div>\n                <!---->\n              <\/div>\n<\/div>\n<\/div>\n<\/div>\n<\/div>\n<\/div>\n<\/div>\n<\/div>\t\t\t\t\t\t\t\t<\/div>\n\t\t\t\t<\/div>\n\t\t\t\t\t<\/div>\n\t\t\t\t<\/div>\n\t\t\t\t<\/div>","protected":false},"excerpt":{"rendered":"<p>NOS MEDIA Lisboa Negra \/\/ Afrontosas Time Out Magazine \u2013 Edi\u00e7\u00e3o Julho 2023.&nbsp; [&hellip;]<\/p>\n","protected":false},"author":1,"featured_media":0,"parent":0,"menu_order":0,"comment_status":"closed","ping_status":"closed","template":"page-templates\/full-width-page.php","meta":{"footnotes":"","_links_to":"","_links_to_target":""},"class_list":["post-255","page","type-page","status-publish","hentry"],"_links":{"self":[{"href":"https:\/\/afrontosas.pt\/en\/wp-json\/wp\/v2\/pages\/255","targetHints":{"allow":["GET"]}}],"collection":[{"href":"https:\/\/afrontosas.pt\/en\/wp-json\/wp\/v2\/pages"}],"about":[{"href":"https:\/\/afrontosas.pt\/en\/wp-json\/wp\/v2\/types\/page"}],"author":[{"embeddable":true,"href":"https:\/\/afrontosas.pt\/en\/wp-json\/wp\/v2\/users\/1"}],"replies":[{"embeddable":true,"href":"https:\/\/afrontosas.pt\/en\/wp-json\/wp\/v2\/comments?post=255"}],"version-history":[{"count":8,"href":"https:\/\/afrontosas.pt\/en\/wp-json\/wp\/v2\/pages\/255\/revisions"}],"predecessor-version":[{"id":1980,"href":"https:\/\/afrontosas.pt\/en\/wp-json\/wp\/v2\/pages\/255\/revisions\/1980"}],"wp:attachment":[{"href":"https:\/\/afrontosas.pt\/en\/wp-json\/wp\/v2\/media?parent=255"}],"curies":[{"name":"wp","href":"https:\/\/api.w.org\/{rel}","templated":true}]}}